{"id":2039,"date":"2020-10-22T14:33:09","date_gmt":"2020-10-22T12:33:09","guid":{"rendered":"https:\/\/famholmsten.se\/?page_id=2039"},"modified":"2022-04-22T09:54:48","modified_gmt":"2022-04-22T07:54:48","slug":"norberg-dammsjoberget","status":"publish","type":"page","link":"https:\/\/famholmsten.se\/290kommuner\/290kommuner\/vastmanlands-lan\/norberg-dammsjoberget\/","title":{"rendered":"Norberg &#8211; Dammsj\u00f6berget"},"content":{"rendered":"\n<p>Vi bes\u00f6kte platsen 10 oktober 2020.<\/p>\n\n\n\n<p>Fr\u00e5n parkeringen f\u00f6ljde vi grusv\u00e4gen fram till stigen som ledde oss genom en vacker skog. N\u00e4r vi \u00e5terigen kom fram till en ny grusv\u00e4g tog vi riktning med hj\u00e4lp av GPSn till highpoint.<br>Det var inte helt l\u00e4tt att ta sig fram men v\u00e4l p\u00e5 toppen m\u00f6ttes vi av ett \u00f6vergivet torn.<br>Vi har sett liknande platser tidigare men skillnaden p\u00e5 denna plats var att stigarna eller v\u00e4garna som vi tror har funnits till tornet v\u00e4xt igen. Undra om det varit ett brandtorn eller kanske n\u00e5gon milit\u00e4r verksamhet? Vet du n\u00e5got, h\u00f6r g\u00e4rna av dig \ud83d\ude42<br>Vi rekommenderar ingen att kl\u00e4ttra upp i tornet d\u00e5 det \u00e4r i v\u00e4ldigt d\u00e5ligt skick.<\/p>\n\n\n\n<figure class=\"wp-block-image size-large is-resized\"><img decoding=\"async\" src=\"https:\/\/famholmsten.se\/290kommuner\/wp-content\/uploads\/2020\/10\/20201010_163050-1024x1024.jpg\" alt=\"\" class=\"wp-image-2042\" width=\"150\" height=\"150\" srcset=\"https:\/\/famholmsten.se\/290kommuner\/wp-content\/uploads\/2020\/10\/20201010_163050-1024x1024.jpg 1024w, https:\/\/famholmsten.se\/290kommuner\/wp-content\/uploads\/2020\/10\/20201010_163050-300x300.jpg 300w, https:\/\/famholmsten.se\/290kommuner\/wp-content\/uploads\/2020\/10\/20201010_163050-150x150.jpg 150w, https:\/\/famholmsten.se\/290kommuner\/wp-content\/uploads\/2020\/10\/20201010_163050-1536x1536.jpg 1536w, https:\/\/famholmsten.se\/290kommuner\/wp-content\/uploads\/2020\/10\/20201010_163050-2048x2048.jpg 2048w\" sizes=\"(max-width: 150px) 100vw, 150px\" \/><\/figure>\n\n\n\n<figure class=\"wp-block-image size-large is-resized\"><img decoding=\"async\" src=\"https:\/\/famholmsten.se\/290kommuner\/wp-content\/uploads\/2020\/10\/20201010_163144-1024x1024.jpg\" alt=\"\" class=\"wp-image-2043\" width=\"157\" height=\"157\" srcset=\"https:\/\/famholmsten.se\/290kommuner\/wp-content\/uploads\/2020\/10\/20201010_163144-1024x1024.jpg 1024w, https:\/\/famholmsten.se\/290kommuner\/wp-content\/uploads\/2020\/10\/20201010_163144-300x300.jpg 300w, https:\/\/famholmsten.se\/290kommuner\/wp-content\/uploads\/2020\/10\/20201010_163144-150x150.jpg 150w, https:\/\/famholmsten.se\/290kommuner\/wp-content\/uploads\/2020\/10\/20201010_163144-1536x1536.jpg 1536w, https:\/\/famholmsten.se\/290kommuner\/wp-content\/uploads\/2020\/10\/20201010_163144-2048x2048.jpg 2048w\" sizes=\"(max-width: 157px) 100vw, 157px\" \/><\/figure>\n\n\n\n<figure class=\"wp-block-image size-large is-resized\"><img decoding=\"async\" src=\"https:\/\/famholmsten.se\/290kommuner\/wp-content\/uploads\/2020\/10\/20201010_163037-1024x1024.jpg\" alt=\"\" class=\"wp-image-2044\" width=\"158\" height=\"158\" srcset=\"https:\/\/famholmsten.se\/290kommuner\/wp-content\/uploads\/2020\/10\/20201010_163037-1024x1024.jpg 1024w, https:\/\/famholmsten.se\/290kommuner\/wp-content\/uploads\/2020\/10\/20201010_163037-300x300.jpg 300w, https:\/\/famholmsten.se\/290kommuner\/wp-content\/uploads\/2020\/10\/20201010_163037-150x150.jpg 150w, https:\/\/famholmsten.se\/290kommuner\/wp-content\/uploads\/2020\/10\/20201010_163037-1536x1536.jpg 1536w, https:\/\/famholmsten.se\/290kommuner\/wp-content\/uploads\/2020\/10\/20201010_163037-2048x2048.jpg 2048w\" sizes=\"(max-width: 158px) 100vw, 158px\" \/><\/figure>\n","protected":false},"excerpt":{"rendered":"<p>Vi bes\u00f6kte platsen 10 oktober 2020. Fr\u00e5n parkeringen f\u00f6ljde vi grusv\u00e4gen fram till stigen som ledde oss genom en vacker skog. N\u00e4r vi \u00e5terigen kom fram till&hellip;<\/p>\n<p> <a class=\"more-link\" href=\"https:\/\/famholmsten.se\/290kommuner\/290kommuner\/vastmanlands-lan\/norberg-dammsjoberget\/\">L\u00e4s mer<\/a><\/p>\n","protected":false},"author":1,"featured_media":0,"parent":743,"menu_order":60,"comment_status":"closed","ping_status":"closed","template":"","meta":{"footnotes":""},"class_list":["post-2039","page","type-page","status-publish"],"_links":{"self":[{"href":"https:\/\/famholmsten.se\/290kommuner\/wp-json\/wp\/v2\/pages\/2039","targetHints":{"allow":["GET"]}}],"collection":[{"href":"https:\/\/famholmsten.se\/290kommuner\/wp-json\/wp\/v2\/pages"}],"about":[{"href":"https:\/\/famholmsten.se\/290kommuner\/wp-json\/wp\/v2\/types\/page"}],"author":[{"embeddable":true,"href":"https:\/\/famholmsten.se\/290kommuner\/wp-json\/wp\/v2\/users\/1"}],"replies":[{"embeddable":true,"href":"https:\/\/famholmsten.se\/290kommuner\/wp-json\/wp\/v2\/comments?post=2039"}],"version-history":[{"count":0,"href":"https:\/\/famholmsten.se\/290kommuner\/wp-json\/wp\/v2\/pages\/2039\/revisions"}],"up":[{"embeddable":true,"href":"https:\/\/famholmsten.se\/290kommuner\/wp-json\/wp\/v2\/pages\/743"}],"wp:attachment":[{"href":"https:\/\/famholmsten.se\/290kommuner\/wp-json\/wp\/v2\/media?parent=2039"}],"curies":[{"name":"wp","href":"https:\/\/api.w.org\/{rel}","templated":true}]}}