{"id":2478,"date":"2021-08-12T10:26:00","date_gmt":"2021-08-12T08:26:00","guid":{"rendered":"https:\/\/famholmsten.se\/?page_id=2478"},"modified":"2022-11-21T16:48:29","modified_gmt":"2022-11-21T15:48:29","slug":"partille","status":"publish","type":"page","link":"https:\/\/famholmsten.se\/290kommuner\/290kommuner\/vastra-gotalands-lan\/partille\/","title":{"rendered":"Partille"},"content":{"rendered":"\n<p>Vi bes\u00f6kte platsen 12 augusti 2021.<\/p>\n\n\n\n<p>Tillsammans med lillasyster Famholmsten tog vi en trip till V\u00e4stkusten f\u00f6r att njuta av havet men \u00e4ven f\u00f6r att bes\u00f6ka n\u00e5gra highpoints. Detta blev en enkel topptur, det sv\u00e5raste kanske var att hitta en l\u00e4mplig parkeringsplats.<br>T\u00e4nk p\u00e5 att det \u00e4r privat omr\u00e5de, beroende p\u00e5 vilket h\u00e5ll man g\u00e5r ifr\u00e5n. Vi rundade h\u00e4sthagar och paddocken och kunde n\u00e4stan ta oss \u00e4nda fram. Den h\u00f6gsta punkten l\u00e5g f\u00f6r n\u00e4ra huset s\u00e5 vi valde att stanna en bit ifr\u00e5n.<br>En trevlig skog och en enkel topp.<br>\u00d6dehuset som ligger i n\u00e4rheten, undra vem som \u00e4ger det och som l\u00e5tit det f\u00f6rfalla p\u00e5 det s\u00e4ttet.<\/p>\n\n\n\n<p><\/p>\n\n\n\n<figure class=\"wp-block-gallery columns-3 is-cropped wp-block-gallery-1 is-layout-flex wp-block-gallery-is-layout-flex\"><ul class=\"blocks-gallery-grid\"><li class=\"blocks-gallery-item\"><figure><a href=\"https:\/\/famholmsten.se\/290kommuner\/wp-content\/uploads\/2022\/01\/20210812_162728-1.jpg\"><img fetchpriority=\"high\" decoding=\"async\" width=\"4032\" height=\"3024\" src=\"https:\/\/famholmsten.se\/290kommuner\/wp-content\/uploads\/2022\/01\/20210812_162728-1.jpg\" alt=\"\" data-id=\"2530\" data-link=\"https:\/\/famholmsten.se\/highpointing\/vastra-gotalands-lan\/partille\/20210812_162728-1\/\" class=\"wp-image-2530\"\/><\/a><\/figure><\/li><li class=\"blocks-gallery-item\"><figure><a href=\"https:\/\/famholmsten.se\/290kommuner\/wp-content\/uploads\/2022\/01\/20210812_162351.jpg\"><img decoding=\"async\" width=\"4032\" height=\"3024\" src=\"https:\/\/famholmsten.se\/290kommuner\/wp-content\/uploads\/2022\/01\/20210812_162351.jpg\" alt=\"\" data-id=\"2531\" data-link=\"https:\/\/famholmsten.se\/highpointing\/vastra-gotalands-lan\/partille\/20210812_162351\/\" class=\"wp-image-2531\"\/><\/a><\/figure><\/li><li class=\"blocks-gallery-item\"><figure><a href=\"https:\/\/famholmsten.se\/290kommuner\/wp-content\/uploads\/2022\/01\/20210812_162138.jpg\"><img decoding=\"async\" width=\"4032\" height=\"3024\" src=\"https:\/\/famholmsten.se\/290kommuner\/wp-content\/uploads\/2022\/01\/20210812_162138.jpg\" alt=\"\" data-id=\"2533\" data-link=\"https:\/\/famholmsten.se\/highpointing\/vastra-gotalands-lan\/partille\/20210812_162138\/\" class=\"wp-image-2533\"\/><\/a><\/figure><\/li><li class=\"blocks-gallery-item\"><figure><a href=\"https:\/\/famholmsten.se\/290kommuner\/wp-content\/uploads\/2022\/01\/20210812_162251.jpg\"><img loading=\"lazy\" decoding=\"async\" width=\"2944\" height=\"2208\" src=\"https:\/\/famholmsten.se\/290kommuner\/wp-content\/uploads\/2022\/01\/20210812_162251.jpg\" alt=\"\" data-id=\"2532\" data-link=\"https:\/\/famholmsten.se\/highpointing\/vastra-gotalands-lan\/partille\/20210812_162251\/\" class=\"wp-image-2532\"\/><\/a><\/figure><\/li><\/ul><\/figure>\n","protected":false},"excerpt":{"rendered":"<p>Vi bes\u00f6kte platsen 12 augusti 2021. Tillsammans med lillasyster Famholmsten tog vi en trip till V\u00e4stkusten f\u00f6r att njuta av havet men \u00e4ven f\u00f6r att bes\u00f6ka n\u00e5gra&hellip;<\/p>\n<p> <a class=\"more-link\" href=\"https:\/\/famholmsten.se\/290kommuner\/290kommuner\/vastra-gotalands-lan\/partille\/\">L\u00e4s mer<\/a><\/p>\n","protected":false},"author":1,"featured_media":0,"parent":1734,"menu_order":290,"comment_status":"closed","ping_status":"closed","template":"","meta":{"footnotes":""},"class_list":["post-2478","page","type-page","status-publish"],"_links":{"self":[{"href":"https:\/\/famholmsten.se\/290kommuner\/wp-json\/wp\/v2\/pages\/2478","targetHints":{"allow":["GET"]}}],"collection":[{"href":"https:\/\/famholmsten.se\/290kommuner\/wp-json\/wp\/v2\/pages"}],"about":[{"href":"https:\/\/famholmsten.se\/290kommuner\/wp-json\/wp\/v2\/types\/page"}],"author":[{"embeddable":true,"href":"https:\/\/famholmsten.se\/290kommuner\/wp-json\/wp\/v2\/users\/1"}],"replies":[{"embeddable":true,"href":"https:\/\/famholmsten.se\/290kommuner\/wp-json\/wp\/v2\/comments?post=2478"}],"version-history":[{"count":1,"href":"https:\/\/famholmsten.se\/290kommuner\/wp-json\/wp\/v2\/pages\/2478\/revisions"}],"predecessor-version":[{"id":4047,"href":"https:\/\/famholmsten.se\/290kommuner\/wp-json\/wp\/v2\/pages\/2478\/revisions\/4047"}],"up":[{"embeddable":true,"href":"https:\/\/famholmsten.se\/290kommuner\/wp-json\/wp\/v2\/pages\/1734"}],"wp:attachment":[{"href":"https:\/\/famholmsten.se\/290kommuner\/wp-json\/wp\/v2\/media?parent=2478"}],"curies":[{"name":"wp","href":"https:\/\/api.w.org\/{rel}","templated":true}]}}