{"id":2512,"date":"2020-03-15T11:59:00","date_gmt":"2020-03-15T10:59:00","guid":{"rendered":"https:\/\/famholmsten.se\/?page_id=2512"},"modified":"2022-04-25T20:42:08","modified_gmt":"2022-04-25T18:42:08","slug":"sala-skeppsberget","status":"publish","type":"page","link":"https:\/\/famholmsten.se\/290kommuner\/290kommuner\/vastmanlands-lan\/sala-skeppsberget\/","title":{"rendered":"Sala -Skeppsberget"},"content":{"rendered":"\n<p>Vi bes\u00f6kte platsen 15 mars 2020.<\/p>\n\n\n\n<p>Detta blev en enkel topptur med tanke p\u00e5 att det gick bra att k\u00f6ra bil hela v\u00e4gen fram till masten, bara en kort bit fr\u00e5n masten finns Sala kommuns h\u00f6gsta punkt.<br>Vi hade varit ute och \u00f6vernattat i Dalarna s\u00e5 detta blev en enkel toppjakt p\u00e5 v\u00e4gen hem. Vi gjorde toppturen tillsammans med familjemedlemmar, alltid kul att f\u00e5 s\u00e4llskap p\u00e5 v\u00e5ra \u00e4ventyr.<\/p>\n\n\n\n<figure class=\"wp-block-gallery has-nested-images columns-default is-cropped wp-block-gallery-1 is-layout-flex wp-block-gallery-is-layout-flex\">\n<figure class=\"wp-block-image size-large\"><a href=\"https:\/\/famholmsten.se\/290kommuner\/wp-content\/uploads\/2022\/04\/20200315_160409_SM-G973F.jpg\"><img fetchpriority=\"high\" decoding=\"async\" width=\"4032\" height=\"3024\" data-id=\"3511\" src=\"https:\/\/famholmsten.se\/290kommuner\/wp-content\/uploads\/2022\/04\/20200315_160409_SM-G973F.jpg\" alt=\"\" class=\"wp-image-3511\"\/><\/a><\/figure>\n\n\n\n<figure class=\"wp-block-image size-large\"><a href=\"https:\/\/famholmsten.se\/290kommuner\/wp-content\/uploads\/2022\/04\/20200315_160608_SM-G973F.jpg\"><img decoding=\"async\" width=\"2944\" height=\"2208\" data-id=\"3510\" src=\"https:\/\/famholmsten.se\/290kommuner\/wp-content\/uploads\/2022\/04\/20200315_160608_SM-G973F.jpg\" alt=\"\" class=\"wp-image-3510\"\/><\/a><\/figure>\n<\/figure>\n","protected":false},"excerpt":{"rendered":"<p>Vi bes\u00f6kte platsen 15 mars 2020. Detta blev en enkel topptur med tanke p\u00e5 att det gick bra att k\u00f6ra bil hela v\u00e4gen fram till masten, bara&hellip;<\/p>\n<p> <a class=\"more-link\" href=\"https:\/\/famholmsten.se\/290kommuner\/290kommuner\/vastmanlands-lan\/sala-skeppsberget\/\">L\u00e4s mer<\/a><\/p>\n","protected":false},"author":1,"featured_media":0,"parent":743,"menu_order":70,"comment_status":"closed","ping_status":"closed","template":"","meta":{"footnotes":""},"class_list":["post-2512","page","type-page","status-publish"],"_links":{"self":[{"href":"https:\/\/famholmsten.se\/290kommuner\/wp-json\/wp\/v2\/pages\/2512","targetHints":{"allow":["GET"]}}],"collection":[{"href":"https:\/\/famholmsten.se\/290kommuner\/wp-json\/wp\/v2\/pages"}],"about":[{"href":"https:\/\/famholmsten.se\/290kommuner\/wp-json\/wp\/v2\/types\/page"}],"author":[{"embeddable":true,"href":"https:\/\/famholmsten.se\/290kommuner\/wp-json\/wp\/v2\/users\/1"}],"replies":[{"embeddable":true,"href":"https:\/\/famholmsten.se\/290kommuner\/wp-json\/wp\/v2\/comments?post=2512"}],"version-history":[{"count":0,"href":"https:\/\/famholmsten.se\/290kommuner\/wp-json\/wp\/v2\/pages\/2512\/revisions"}],"up":[{"embeddable":true,"href":"https:\/\/famholmsten.se\/290kommuner\/wp-json\/wp\/v2\/pages\/743"}],"wp:attachment":[{"href":"https:\/\/famholmsten.se\/290kommuner\/wp-json\/wp\/v2\/media?parent=2512"}],"curies":[{"name":"wp","href":"https:\/\/api.w.org\/{rel}","templated":true}]}}